
{"id":940,"date":"2012-12-12T20:40:23","date_gmt":"2012-12-12T19:40:23","guid":{"rendered":"https:\/\/passerelle2.ac-nantes.fr\/labrulatte-lagravelle\/?page_id=940"},"modified":"2025-06-20T16:12:51","modified_gmt":"2025-06-20T14:12:51","slug":"compte-rendu-du-conseil-decole-2","status":"publish","type":"page","link":"https:\/\/passerelle2.ac-nantes.fr\/labrulatte-lagravelle\/compte-rendu-du-conseil-decole-2\/","title":{"rendered":"Conseils d&rsquo;\u00e9cole"},"content":{"rendered":"<h1><img loading=\"lazy\" decoding=\"async\" class=\"aligncenter\" src=\"http:\/\/idata.over-blog.com\/5\/07\/85\/28\/conseil_ecole_ardoise-150x132.png\" alt=\"\" width=\"150\" height=\"132\"><\/h1>\n<h3><a href=\"https:\/\/passerelle2.ac-nantes.fr\/labrulatte-lagravelle\/wp-content\/uploads\/sites\/96\/2025\/06\/Compte-rendu-du-3eme-conseil-decole-RPI-du-19-juin-2025.pdf\">Compte rendu du conseil d&rsquo;\u00e9cole du 19 juin 2025<\/a><\/h3>\n<h3><a href=\"https:\/\/passerelle2.ac-nantes.fr\/labrulatte-lagravelle\/wp-content\/uploads\/sites\/96\/2025\/03\/Compte-rendu-du-2eme-conseil-decole-25-fevrier-2025.pdf\">Compte rendu du conseil d&rsquo;\u00e9cole du 25 f\u00e9vrier 2025<\/a><\/h3>\n<div>\n<h3><a href=\"https:\/\/passerelle2.ac-nantes.fr\/labrulatte-lagravelle\/wp-content\/uploads\/sites\/96\/2024\/11\/Compte-rendu-1er-conseil-decole-du-12-novembre-2024.pdf\">Compte rendu conseil d&rsquo;\u00e9cole du 12 novembre 2024<\/a><\/h3>\n<\/div>\n<div>&nbsp;<\/div>\n<div>&nbsp;<\/div>\n<div>&nbsp;<\/div>\n<div>&nbsp;<\/div>\n<div><a href=\"https:\/\/passerelle2.ac-nantes.fr\/labrulatte-lagravelle\/\" rel=\"attachment wp-att-5871\"><img loading=\"lazy\" decoding=\"async\" class=\"aligncenter\" src=\"https:\/\/passerelle2.ac-nantes.fr\/labrulatte-lagravelle\/wp-content\/uploads\/sites\/96\/2012\/12\/crayongrisseparateur.gif\" alt=\"\" width=\"500\" height=\"32\"><\/a><\/div>\n<p>N&rsquo;h\u00e9sitez pas \u00e0 contacter les repr\u00e9sentants de parents si vous souhaitez aborder des points particuliers en conseil d&rsquo;\u00e9cole :<\/p>\n<p style=\"text-align: center;\"><strong><em>Repr\u00e9sentants de parents 2024\/2025 :<\/em><\/strong><\/p>\n<p><strong>Ecole de La Br\u00fblatte :<br \/>\n&#8211; Titulaires : <\/strong>M. Gilardi et M. Renard<strong><br \/>\n&#8211; Suppl\u00e9ants : <\/strong>Mme Brossard et M. Lebret<\/p>\n<p><strong><br \/>\nEcole de La Gravelle :<br \/>\n&#8211; Titulaires : <\/strong>Mme Poirier et Mme Vettier<strong><br \/>\n&#8211; Suppl\u00e9ante : <\/strong>Mme Chapel<\/p>\n<p>&nbsp;<\/p>\n<p>&nbsp;<\/p>\n<p style=\"text-align: left;\">&nbsp;<\/p>\n","protected":false},"excerpt":{"rendered":"<p>Compte rendu du conseil d&rsquo;\u00e9cole du 19 juin 2025 Compte rendu du conseil d&rsquo;\u00e9cole du 25 f\u00e9vrier 2025 Compte rendu conseil d&rsquo;\u00e9cole du 12 novembre 2024 &nbsp; &nbsp; &nbsp; &nbsp; N&rsquo;h\u00e9sitez pas \u00e0 contacter les repr\u00e9sentants de parents si vous &hellip; <a href=\"https:\/\/passerelle2.ac-nantes.fr\/labrulatte-lagravelle\/compte-rendu-du-conseil-decole-2\/\">Continuer la lecture <span class=\"meta-nav\">&rarr;<\/span><\/a><\/p>\n","protected":false},"author":7877,"featured_media":0,"parent":0,"menu_order":2,"comment_status":"closed","ping_status":"closed","template":"","meta":{"ngg_post_thumbnail":0,"h5ap_radio_sources":[],"footnotes":""},"folder":[],"class_list":["post-940","page","type-page","status-publish","hentry"],"jetpack_sharing_enabled":true,"jetpack_shortlink":"https:\/\/wp.me\/P8Njox-fa","_links":{"self":[{"href":"https:\/\/passerelle2.ac-nantes.fr\/labrulatte-lagravelle\/wp-json\/wp\/v2\/pages\/940","targetHints":{"allow":["GET"]}}],"collection":[{"href":"https:\/\/passerelle2.ac-nantes.fr\/labrulatte-lagravelle\/wp-json\/wp\/v2\/pages"}],"about":[{"href":"https:\/\/passerelle2.ac-nantes.fr\/labrulatte-lagravelle\/wp-json\/wp\/v2\/types\/page"}],"author":[{"embeddable":true,"href":"https:\/\/passerelle2.ac-nantes.fr\/labrulatte-lagravelle\/wp-json\/wp\/v2\/users\/7877"}],"replies":[{"embeddable":true,"href":"https:\/\/passerelle2.ac-nantes.fr\/labrulatte-lagravelle\/wp-json\/wp\/v2\/comments?post=940"}],"version-history":[{"count":0,"href":"https:\/\/passerelle2.ac-nantes.fr\/labrulatte-lagravelle\/wp-json\/wp\/v2\/pages\/940\/revisions"}],"wp:attachment":[{"href":"https:\/\/passerelle2.ac-nantes.fr\/labrulatte-lagravelle\/wp-json\/wp\/v2\/media?parent=940"}],"wp:term":[{"taxonomy":"folder","embeddable":true,"href":"https:\/\/passerelle2.ac-nantes.fr\/labrulatte-lagravelle\/wp-json\/wp\/v2\/folder?post=940"}],"curies":[{"name":"wp","href":"https:\/\/api.w.org\/{rel}","templated":true}]}}