
{"id":8020,"date":"2023-09-18T17:46:00","date_gmt":"2023-09-18T15:46:00","guid":{"rendered":"https:\/\/passerelle2.ac-nantes.fr\/matisse\/?page_id=8020"},"modified":"2023-09-22T12:54:23","modified_gmt":"2023-09-22T10:54:23","slug":"ateliers-developpement-durable-du-22-9-23","status":"publish","type":"page","link":"https:\/\/passerelle2.ac-nantes.fr\/matisse\/les-maternelles\/annee-2023-2024\/dates-et-animations\/ateliers-developpement-durable-du-22-9-23\/","title":{"rendered":"ateliers d\u00e9veloppement durable du 22\/9\/23"},"content":{"rendered":"\n<p><strong><u>Atelier d\u00e9veloppement durable<\/u><\/strong><\/p>\n\n\n\n<p>ce vendredi 22\/9\/23 nous avons particip\u00e9 \u00e0 des ateliers \u00e9cologiques et ludiques afin de sensibiliser les \u00e9l\u00e8ves aux questions li\u00e9es \u00e0 la protection de la nature, au d\u00e9veloppement durable et au comportement citoyen \u00e0 adopter. Cette intervention a \u00e9t\u00e9 r\u00e9alis\u00e9e par l association \u00ab&nbsp;<em><strong>qui nettoie si ce n\u2019est toi&nbsp;<\/strong><\/em>\u00bb et elle entre dans le parcours de l\u2018\u00e9ducation au d\u00e9veloppement durable du socle commun de comp\u00e9tences des programmes de l\u2019\u00e9ducation nationale. Elle sera pour rappel suivie par la journ\u00e9e citoyenne du samedi 30 septembre au sein du village (document fourni pr\u00e9c\u00e9demment).<\/p>\n\n\n\n<p>Vos enfants vous en reparleront s\u00fbrement&nbsp;!                               Mme Pourcel<\/p>\n\n\n\n<figure class=\"wp-block-image size-full\"><img loading=\"lazy\" decoding=\"async\" width=\"928\" height=\"523\" src=\"https:\/\/passerelle2.ac-nantes.fr\/matisse\/wp-content\/uploads\/sites\/311\/2023\/09\/SharedScreenshot.jpg\" alt=\"\" class=\"wp-image-8025\" srcset=\"https:\/\/passerelle2.ac-nantes.fr\/matisse\/wp-content\/uploads\/sites\/311\/2023\/09\/SharedScreenshot.jpg 928w, https:\/\/passerelle2.ac-nantes.fr\/matisse\/wp-content\/uploads\/sites\/311\/2023\/09\/SharedScreenshot-300x169.jpg 300w, https:\/\/passerelle2.ac-nantes.fr\/matisse\/wp-content\/uploads\/sites\/311\/2023\/09\/SharedScreenshot-768x433.jpg 768w\" sizes=\"auto, (max-width: 928px) 100vw, 928px\" \/><\/figure>\n","protected":false},"excerpt":{"rendered":"<p>Atelier d\u00e9veloppement durable ce vendredi 22\/9\/23 nous avons particip\u00e9 \u00e0 des ateliers \u00e9cologiques et ludiques afin de sensibiliser les \u00e9l\u00e8ves aux questions li\u00e9es \u00e0 la protection de la nature, au d\u00e9veloppement durable et au comportement citoyen \u00e0 adopter. Cette intervention &hellip; <a href=\"https:\/\/passerelle2.ac-nantes.fr\/matisse\/les-maternelles\/annee-2023-2024\/dates-et-animations\/ateliers-developpement-durable-du-22-9-23\/\">Continuer la lecture <span class=\"meta-nav\">&rarr;<\/span><\/a><\/p>\n","protected":false},"author":5554,"featured_media":0,"parent":7971,"menu_order":0,"comment_status":"closed","ping_status":"closed","template":"","meta":{"ngg_post_thumbnail":0,"h5ap_radio_sources":[],"jetpack_post_was_ever_published":false,"footnotes":""},"folder":[],"class_list":["post-8020","page","type-page","status-publish","hentry"],"jetpack_sharing_enabled":true,"jetpack_shortlink":"https:\/\/wp.me\/P8Njks-25m","_links":{"self":[{"href":"https:\/\/passerelle2.ac-nantes.fr\/matisse\/wp-json\/wp\/v2\/pages\/8020","targetHints":{"allow":["GET"]}}],"collection":[{"href":"https:\/\/passerelle2.ac-nantes.fr\/matisse\/wp-json\/wp\/v2\/pages"}],"about":[{"href":"https:\/\/passerelle2.ac-nantes.fr\/matisse\/wp-json\/wp\/v2\/types\/page"}],"author":[{"embeddable":true,"href":"https:\/\/passerelle2.ac-nantes.fr\/matisse\/wp-json\/wp\/v2\/users\/5554"}],"replies":[{"embeddable":true,"href":"https:\/\/passerelle2.ac-nantes.fr\/matisse\/wp-json\/wp\/v2\/comments?post=8020"}],"version-history":[{"count":0,"href":"https:\/\/passerelle2.ac-nantes.fr\/matisse\/wp-json\/wp\/v2\/pages\/8020\/revisions"}],"up":[{"embeddable":true,"href":"https:\/\/passerelle2.ac-nantes.fr\/matisse\/wp-json\/wp\/v2\/pages\/7971"}],"wp:attachment":[{"href":"https:\/\/passerelle2.ac-nantes.fr\/matisse\/wp-json\/wp\/v2\/media?parent=8020"}],"wp:term":[{"taxonomy":"folder","embeddable":true,"href":"https:\/\/passerelle2.ac-nantes.fr\/matisse\/wp-json\/wp\/v2\/folder?post=8020"}],"curies":[{"name":"wp","href":"https:\/\/api.w.org\/{rel}","templated":true}]}}